{"id":1047,"date":"2024-03-17T21:29:43","date_gmt":"2024-03-17T20:29:43","guid":{"rendered":"https:\/\/www.pspo.edu.pl\/przedszkole\/?page_id=1047"},"modified":"2024-03-17T21:31:20","modified_gmt":"2024-03-17T20:31:20","slug":"dzien-otwarty-w-motylkach","status":"publish","type":"page","link":"https:\/\/www.pspo.edu.pl\/przedszkole\/dzien-otwarty-w-motylkach\/","title":{"rendered":"Dzie\u0144 otwarty w Motylkach"},"content":{"rendered":"<p><a href=\"https:\/\/www.pspo.edu.pl\/przedszkole\/wp-content\/uploads\/sites\/3\/2024\/03\/Dzien-otwarty-Motylki.jpg\"><img decoding=\"async\" class=\"aligncenter size-large wp-image-1044\" src=\"https:\/\/www.pspo.edu.pl\/przedszkole\/wp-content\/uploads\/sites\/3\/2024\/03\/Dzien-otwarty-Motylki-734x1024.jpg\" alt=\"\" width=\"734\" height=\"1024\" srcset=\"https:\/\/www.pspo.edu.pl\/przedszkole\/wp-content\/uploads\/sites\/3\/2024\/03\/Dzien-otwarty-Motylki-734x1024.jpg 734w, https:\/\/www.pspo.edu.pl\/przedszkole\/wp-content\/uploads\/sites\/3\/2024\/03\/Dzien-otwarty-Motylki-215x300.jpg 215w, https:\/\/www.pspo.edu.pl\/przedszkole\/wp-content\/uploads\/sites\/3\/2024\/03\/Dzien-otwarty-Motylki-768x1071.jpg 768w, https:\/\/www.pspo.edu.pl\/przedszkole\/wp-content\/uploads\/sites\/3\/2024\/03\/Dzien-otwarty-Motylki-1101x1536.jpg 1101w, https:\/\/www.pspo.edu.pl\/przedszkole\/wp-content\/uploads\/sites\/3\/2024\/03\/Dzien-otwarty-Motylki.jpg 1147w\" sizes=\"(max-width: 734px) 100vw, 734px\" \/><\/a><\/p>\n<!-- AddThis Advanced Settings generic via filter on the_content --><!-- AddThis Share Buttons generic via filter on the_content -->","protected":false},"excerpt":{"rendered":"<p><!-- AddThis Advanced Settings generic via filter on get_the_excerpt --><!-- AddThis Share Buttons generic via filter on get_the_excerpt --><\/p>\n","protected":false},"author":12,"featured_media":1044,"parent":0,"menu_order":0,"comment_status":"closed","ping_status":"closed","template":"","meta":{"inline_featured_image":false,"ngg_post_thumbnail":0,"footnotes":""},"class_list":["post-1047","page","type-page","status-publish","has-post-thumbnail","hentry"],"yoast_head":"<!-- This site is optimized with the Yoast SEO plugin v27.4 - https:\/\/yoast.com\/product\/yoast-seo-wordpress\/ -->\n<title>Dzie\u0144 otwarty w Motylkach - MA<\/title>\n<meta name=\"description\" content=\"Z przyjemno\u015bci\u0105 pragniemy Was zaprosi\u0107 na dzie\u0144 otwarty do Przedszkola Motylkowa Akademia, kt\u00f3ry odb\u0119dzie si\u0119 w dniu 23 marca w godzinach 10:00 - 12:00. To b\u0119dzie doskona\u0142a okazja, aby\u015bcie Pa\u0144stwo zapoznali si\u0119 z nasz\u0105 plac\u00f3wk\u0105, naszym zespo\u0142em pedagogicznym oraz nasz\u0105 ofert\u0105 edukacyjn\u0105. B\u0119dziecie mieli tak\u017ce mo\u017cliwo\u015b\u0107 zwiedzenia naszych kolorowych sal, przestrzeni zabaw oraz pozna\u0107 wszystkie atrakcje, jakie przygotowali\u015bmy dla naszych ma\u0142ych podopiecznych. Serdecznie zapraszamy wszystkie zainteresowane rodziny, kt\u00f3re poszukuj\u0105 przyjaznego i rozwijaj\u0105cego \u015brodowiska przedszkolnego dla swoich dzieci. Z niecierpliwo\u015bci\u0105 czekamy na Wasze przybycie!\" \/>\n<meta name=\"robots\" content=\"index, follow, max-snippet:-1, max-image-preview:large, max-video-preview:-1\" \/>\n<link rel=\"canonical\" href=\"https:\/\/www.pspo.edu.pl\/przedszkole\/dzien-otwarty-w-motylkach\/\" \/>\n<meta property=\"og:locale\" content=\"pl_PL\" \/>\n<meta property=\"og:type\" content=\"article\" \/>\n<meta property=\"og:title\" content=\"Dzie\u0144 otwarty w Motylkach - MA\" \/>\n<meta property=\"og:description\" content=\"Z przyjemno\u015bci\u0105 pragniemy Was zaprosi\u0107 na dzie\u0144 otwarty do Przedszkola Motylkowa Akademia, kt\u00f3ry odb\u0119dzie si\u0119 w dniu 23 marca w godzinach 10:00 - 12:00. To b\u0119dzie doskona\u0142a okazja, aby\u015bcie Pa\u0144stwo zapoznali si\u0119 z nasz\u0105 plac\u00f3wk\u0105, naszym zespo\u0142em pedagogicznym oraz nasz\u0105 ofert\u0105 edukacyjn\u0105. B\u0119dziecie mieli tak\u017ce mo\u017cliwo\u015b\u0107 zwiedzenia naszych kolorowych sal, przestrzeni zabaw oraz pozna\u0107 wszystkie atrakcje, jakie przygotowali\u015bmy dla naszych ma\u0142ych podopiecznych. Serdecznie zapraszamy wszystkie zainteresowane rodziny, kt\u00f3re poszukuj\u0105 przyjaznego i rozwijaj\u0105cego \u015brodowiska przedszkolnego dla swoich dzieci. Z niecierpliwo\u015bci\u0105 czekamy na Wasze przybycie!\" \/>\n<meta property=\"og:url\" content=\"https:\/\/www.pspo.edu.pl\/przedszkole\/dzien-otwarty-w-motylkach\/\" \/>\n<meta property=\"og:site_name\" content=\"MA\" \/>\n<meta property=\"article:modified_time\" content=\"2024-03-17T20:31:20+00:00\" \/>\n<meta property=\"og:image\" content=\"https:\/\/www.pspo.edu.pl\/przedszkole\/wp-content\/uploads\/sites\/3\/2024\/03\/Dzien-otwarty-Motylki.jpg\" \/>\n\t<meta property=\"og:image:width\" content=\"1147\" \/>\n\t<meta property=\"og:image:height\" content=\"1600\" \/>\n\t<meta property=\"og:image:type\" content=\"image\/jpeg\" \/>\n<meta name=\"twitter:card\" content=\"summary_large_image\" \/>\n<meta name=\"twitter:label1\" content=\"Szacowany czas czytania\" \/>\n\t<meta name=\"twitter:data1\" content=\"1 minuta\" \/>\n<script type=\"application\/ld+json\" class=\"yoast-schema-graph\">{\"@context\":\"https:\\\/\\\/schema.org\",\"@graph\":[{\"@type\":\"WebPage\",\"@id\":\"https:\\\/\\\/www.pspo.edu.pl\\\/przedszkole\\\/dzien-otwarty-w-motylkach\\\/\",\"url\":\"https:\\\/\\\/www.pspo.edu.pl\\\/przedszkole\\\/dzien-otwarty-w-motylkach\\\/\",\"name\":\"Dzie\u0144 otwarty w Motylkach - MA\",\"isPartOf\":{\"@id\":\"https:\\\/\\\/www.pspo.edu.pl\\\/przedszkole\\\/#website\"},\"primaryImageOfPage\":{\"@id\":\"https:\\\/\\\/www.pspo.edu.pl\\\/przedszkole\\\/dzien-otwarty-w-motylkach\\\/#primaryimage\"},\"image\":{\"@id\":\"https:\\\/\\\/www.pspo.edu.pl\\\/przedszkole\\\/dzien-otwarty-w-motylkach\\\/#primaryimage\"},\"thumbnailUrl\":\"https:\\\/\\\/www.pspo.edu.pl\\\/przedszkole\\\/wp-content\\\/uploads\\\/sites\\\/3\\\/2024\\\/03\\\/Dzien-otwarty-Motylki.jpg\",\"datePublished\":\"2024-03-17T20:29:43+00:00\",\"dateModified\":\"2024-03-17T20:31:20+00:00\",\"description\":\"Z przyjemno\u015bci\u0105 pragniemy Was zaprosi\u0107 na dzie\u0144 otwarty do Przedszkola Motylkowa Akademia, kt\u00f3ry odb\u0119dzie si\u0119 w dniu 23 marca w godzinach 10:00 - 12:00. To b\u0119dzie doskona\u0142a okazja, aby\u015bcie Pa\u0144stwo zapoznali si\u0119 z nasz\u0105 plac\u00f3wk\u0105, naszym zespo\u0142em pedagogicznym oraz nasz\u0105 ofert\u0105 edukacyjn\u0105. B\u0119dziecie mieli tak\u017ce mo\u017cliwo\u015b\u0107 zwiedzenia naszych kolorowych sal, przestrzeni zabaw oraz pozna\u0107 wszystkie atrakcje, jakie przygotowali\u015bmy dla naszych ma\u0142ych podopiecznych. Serdecznie zapraszamy wszystkie zainteresowane rodziny, kt\u00f3re poszukuj\u0105 przyjaznego i rozwijaj\u0105cego \u015brodowiska przedszkolnego dla swoich dzieci. Z niecierpliwo\u015bci\u0105 czekamy na Wasze przybycie!\",\"breadcrumb\":{\"@id\":\"https:\\\/\\\/www.pspo.edu.pl\\\/przedszkole\\\/dzien-otwarty-w-motylkach\\\/#breadcrumb\"},\"inLanguage\":\"pl-PL\",\"potentialAction\":[{\"@type\":\"ReadAction\",\"target\":[\"https:\\\/\\\/www.pspo.edu.pl\\\/przedszkole\\\/dzien-otwarty-w-motylkach\\\/\"]}]},{\"@type\":\"ImageObject\",\"inLanguage\":\"pl-PL\",\"@id\":\"https:\\\/\\\/www.pspo.edu.pl\\\/przedszkole\\\/dzien-otwarty-w-motylkach\\\/#primaryimage\",\"url\":\"https:\\\/\\\/www.pspo.edu.pl\\\/przedszkole\\\/wp-content\\\/uploads\\\/sites\\\/3\\\/2024\\\/03\\\/Dzien-otwarty-Motylki.jpg\",\"contentUrl\":\"https:\\\/\\\/www.pspo.edu.pl\\\/przedszkole\\\/wp-content\\\/uploads\\\/sites\\\/3\\\/2024\\\/03\\\/Dzien-otwarty-Motylki.jpg\",\"width\":1147,\"height\":1600},{\"@type\":\"BreadcrumbList\",\"@id\":\"https:\\\/\\\/www.pspo.edu.pl\\\/przedszkole\\\/dzien-otwarty-w-motylkach\\\/#breadcrumb\",\"itemListElement\":[{\"@type\":\"ListItem\",\"position\":1,\"name\":\"Strona g\u0142\u00f3wna\",\"item\":\"https:\\\/\\\/www.pspo.edu.pl\\\/przedszkole\\\/\"},{\"@type\":\"ListItem\",\"position\":2,\"name\":\"Dzie\u0144 otwarty w Motylkach\"}]},{\"@type\":\"WebSite\",\"@id\":\"https:\\\/\\\/www.pspo.edu.pl\\\/przedszkole\\\/#website\",\"url\":\"https:\\\/\\\/www.pspo.edu.pl\\\/przedszkole\\\/\",\"name\":\"MA\",\"description\":\"Niepubliczne Przedszkole Motylkowa Akademia\",\"potentialAction\":[{\"@type\":\"SearchAction\",\"target\":{\"@type\":\"EntryPoint\",\"urlTemplate\":\"https:\\\/\\\/www.pspo.edu.pl\\\/przedszkole\\\/?s={search_term_string}\"},\"query-input\":{\"@type\":\"PropertyValueSpecification\",\"valueRequired\":true,\"valueName\":\"search_term_string\"}}],\"inLanguage\":\"pl-PL\"}]}<\/script>\n<!-- \/ Yoast SEO plugin. -->","yoast_head_json":{"title":"Dzie\u0144 otwarty w Motylkach - MA","description":"Z przyjemno\u015bci\u0105 pragniemy Was zaprosi\u0107 na dzie\u0144 otwarty do Przedszkola Motylkowa Akademia, kt\u00f3ry odb\u0119dzie si\u0119 w dniu 23 marca w godzinach 10:00 - 12:00. To b\u0119dzie doskona\u0142a okazja, aby\u015bcie Pa\u0144stwo zapoznali si\u0119 z nasz\u0105 plac\u00f3wk\u0105, naszym zespo\u0142em pedagogicznym oraz nasz\u0105 ofert\u0105 edukacyjn\u0105. B\u0119dziecie mieli tak\u017ce mo\u017cliwo\u015b\u0107 zwiedzenia naszych kolorowych sal, przestrzeni zabaw oraz pozna\u0107 wszystkie atrakcje, jakie przygotowali\u015bmy dla naszych ma\u0142ych podopiecznych. Serdecznie zapraszamy wszystkie zainteresowane rodziny, kt\u00f3re poszukuj\u0105 przyjaznego i rozwijaj\u0105cego \u015brodowiska przedszkolnego dla swoich dzieci. Z niecierpliwo\u015bci\u0105 czekamy na Wasze przybycie!","robots":{"index":"index","follow":"follow","max-snippet":"max-snippet:-1","max-image-preview":"max-image-preview:large","max-video-preview":"max-video-preview:-1"},"canonical":"https:\/\/www.pspo.edu.pl\/przedszkole\/dzien-otwarty-w-motylkach\/","og_locale":"pl_PL","og_type":"article","og_title":"Dzie\u0144 otwarty w Motylkach - MA","og_description":"Z przyjemno\u015bci\u0105 pragniemy Was zaprosi\u0107 na dzie\u0144 otwarty do Przedszkola Motylkowa Akademia, kt\u00f3ry odb\u0119dzie si\u0119 w dniu 23 marca w godzinach 10:00 - 12:00. To b\u0119dzie doskona\u0142a okazja, aby\u015bcie Pa\u0144stwo zapoznali si\u0119 z nasz\u0105 plac\u00f3wk\u0105, naszym zespo\u0142em pedagogicznym oraz nasz\u0105 ofert\u0105 edukacyjn\u0105. B\u0119dziecie mieli tak\u017ce mo\u017cliwo\u015b\u0107 zwiedzenia naszych kolorowych sal, przestrzeni zabaw oraz pozna\u0107 wszystkie atrakcje, jakie przygotowali\u015bmy dla naszych ma\u0142ych podopiecznych. Serdecznie zapraszamy wszystkie zainteresowane rodziny, kt\u00f3re poszukuj\u0105 przyjaznego i rozwijaj\u0105cego \u015brodowiska przedszkolnego dla swoich dzieci. Z niecierpliwo\u015bci\u0105 czekamy na Wasze przybycie!","og_url":"https:\/\/www.pspo.edu.pl\/przedszkole\/dzien-otwarty-w-motylkach\/","og_site_name":"MA","article_modified_time":"2024-03-17T20:31:20+00:00","og_image":[{"width":1147,"height":1600,"url":"https:\/\/www.pspo.edu.pl\/przedszkole\/wp-content\/uploads\/sites\/3\/2024\/03\/Dzien-otwarty-Motylki.jpg","type":"image\/jpeg"}],"twitter_card":"summary_large_image","twitter_misc":{"Szacowany czas czytania":"1 minuta"},"schema":{"@context":"https:\/\/schema.org","@graph":[{"@type":"WebPage","@id":"https:\/\/www.pspo.edu.pl\/przedszkole\/dzien-otwarty-w-motylkach\/","url":"https:\/\/www.pspo.edu.pl\/przedszkole\/dzien-otwarty-w-motylkach\/","name":"Dzie\u0144 otwarty w Motylkach - MA","isPartOf":{"@id":"https:\/\/www.pspo.edu.pl\/przedszkole\/#website"},"primaryImageOfPage":{"@id":"https:\/\/www.pspo.edu.pl\/przedszkole\/dzien-otwarty-w-motylkach\/#primaryimage"},"image":{"@id":"https:\/\/www.pspo.edu.pl\/przedszkole\/dzien-otwarty-w-motylkach\/#primaryimage"},"thumbnailUrl":"https:\/\/www.pspo.edu.pl\/przedszkole\/wp-content\/uploads\/sites\/3\/2024\/03\/Dzien-otwarty-Motylki.jpg","datePublished":"2024-03-17T20:29:43+00:00","dateModified":"2024-03-17T20:31:20+00:00","description":"Z przyjemno\u015bci\u0105 pragniemy Was zaprosi\u0107 na dzie\u0144 otwarty do Przedszkola Motylkowa Akademia, kt\u00f3ry odb\u0119dzie si\u0119 w dniu 23 marca w godzinach 10:00 - 12:00. To b\u0119dzie doskona\u0142a okazja, aby\u015bcie Pa\u0144stwo zapoznali si\u0119 z nasz\u0105 plac\u00f3wk\u0105, naszym zespo\u0142em pedagogicznym oraz nasz\u0105 ofert\u0105 edukacyjn\u0105. B\u0119dziecie mieli tak\u017ce mo\u017cliwo\u015b\u0107 zwiedzenia naszych kolorowych sal, przestrzeni zabaw oraz pozna\u0107 wszystkie atrakcje, jakie przygotowali\u015bmy dla naszych ma\u0142ych podopiecznych. Serdecznie zapraszamy wszystkie zainteresowane rodziny, kt\u00f3re poszukuj\u0105 przyjaznego i rozwijaj\u0105cego \u015brodowiska przedszkolnego dla swoich dzieci. Z niecierpliwo\u015bci\u0105 czekamy na Wasze przybycie!","breadcrumb":{"@id":"https:\/\/www.pspo.edu.pl\/przedszkole\/dzien-otwarty-w-motylkach\/#breadcrumb"},"inLanguage":"pl-PL","potentialAction":[{"@type":"ReadAction","target":["https:\/\/www.pspo.edu.pl\/przedszkole\/dzien-otwarty-w-motylkach\/"]}]},{"@type":"ImageObject","inLanguage":"pl-PL","@id":"https:\/\/www.pspo.edu.pl\/przedszkole\/dzien-otwarty-w-motylkach\/#primaryimage","url":"https:\/\/www.pspo.edu.pl\/przedszkole\/wp-content\/uploads\/sites\/3\/2024\/03\/Dzien-otwarty-Motylki.jpg","contentUrl":"https:\/\/www.pspo.edu.pl\/przedszkole\/wp-content\/uploads\/sites\/3\/2024\/03\/Dzien-otwarty-Motylki.jpg","width":1147,"height":1600},{"@type":"BreadcrumbList","@id":"https:\/\/www.pspo.edu.pl\/przedszkole\/dzien-otwarty-w-motylkach\/#breadcrumb","itemListElement":[{"@type":"ListItem","position":1,"name":"Strona g\u0142\u00f3wna","item":"https:\/\/www.pspo.edu.pl\/przedszkole\/"},{"@type":"ListItem","position":2,"name":"Dzie\u0144 otwarty w Motylkach"}]},{"@type":"WebSite","@id":"https:\/\/www.pspo.edu.pl\/przedszkole\/#website","url":"https:\/\/www.pspo.edu.pl\/przedszkole\/","name":"MA","description":"Niepubliczne Przedszkole Motylkowa Akademia","potentialAction":[{"@type":"SearchAction","target":{"@type":"EntryPoint","urlTemplate":"https:\/\/www.pspo.edu.pl\/przedszkole\/?s={search_term_string}"},"query-input":{"@type":"PropertyValueSpecification","valueRequired":true,"valueName":"search_term_string"}}],"inLanguage":"pl-PL"}]}},"_links":{"self":[{"href":"https:\/\/www.pspo.edu.pl\/przedszkole\/wp-json\/wp\/v2\/pages\/1047","targetHints":{"allow":["GET"]}}],"collection":[{"href":"https:\/\/www.pspo.edu.pl\/przedszkole\/wp-json\/wp\/v2\/pages"}],"about":[{"href":"https:\/\/www.pspo.edu.pl\/przedszkole\/wp-json\/wp\/v2\/types\/page"}],"author":[{"embeddable":true,"href":"https:\/\/www.pspo.edu.pl\/przedszkole\/wp-json\/wp\/v2\/users\/12"}],"replies":[{"embeddable":true,"href":"https:\/\/www.pspo.edu.pl\/przedszkole\/wp-json\/wp\/v2\/comments?post=1047"}],"version-history":[{"count":1,"href":"https:\/\/www.pspo.edu.pl\/przedszkole\/wp-json\/wp\/v2\/pages\/1047\/revisions"}],"predecessor-version":[{"id":1048,"href":"https:\/\/www.pspo.edu.pl\/przedszkole\/wp-json\/wp\/v2\/pages\/1047\/revisions\/1048"}],"wp:featuredmedia":[{"embeddable":true,"href":"https:\/\/www.pspo.edu.pl\/przedszkole\/wp-json\/wp\/v2\/media\/1044"}],"wp:attachment":[{"href":"https:\/\/www.pspo.edu.pl\/przedszkole\/wp-json\/wp\/v2\/media?parent=1047"}],"curies":[{"name":"wp","href":"https:\/\/api.w.org\/{rel}","templated":true}]}}